{"id":14,"date":"2023-06-22T18:18:32","date_gmt":"2023-06-22T16:18:32","guid":{"rendered":"https:\/\/adhocstudio.be\/?page_id=14"},"modified":"2025-11-20T12:45:47","modified_gmt":"2025-11-20T10:45:47","slug":"a-propos","status":"publish","type":"page","link":"https:\/\/adhocstudio.be\/en\/a-propos\/","title":{"rendered":"A propos"},"content":{"rendered":"<p><\/p>\n\n\n\n<p style=\"padding-right:var(--wp--preset--spacing--60);padding-left:var(--wp--preset--spacing--60)\">Ad Hoc Studio est une \u00e9quipe internationale et pluridisciplinaire, qui intervient de la conception \u00e0 la r\u00e9alisation de vos projets, depuis son bureau\/atelier au c\u0153ur de Bruxelles.<br><br>De l\u2019architecture globale jusqu\u2019aux finitions, Ad Hoc Studio r\u00e9alise des projets \u00e0 la foi multiples, uniques et sur-mesure. Sa force r\u00e9side dans sa capacit\u00e9 \u00e0 ma\u00eetriser toutes les \u00e9tapes, de la conception \u00e0 la r\u00e9alisation, gr\u00e2ce \u00e0 son atelier de production et prototypage. En mobilisant une grande vari\u00e9t\u00e9 d\u2019outils et de savoir-faire, Ad Hoc Studio a la capacit\u00e9 de donner vie \u00e0 vos projets les plus divers.<\/p>\n\n\n\n<p style=\"padding-right:var(--wp--preset--spacing--60);padding-left:var(--wp--preset--spacing--60)\">Ad Hoc Studio int\u00e8gre, en fonction des projets, de multiples acteurs, m\u00e9tiers et m\u00e9thodologies. Les projets r\u00e9alis\u00e9s ont d\u00e9montr\u00e9 la r\u00e9activit\u00e9 et la capacit\u00e9 de Ad Hoc Studio \u00e0 r\u00e9pondre \u00e0 des questions ou situations complexes, dans la confiance et le partage.<br><br>La philosophie de Ad Hoc Studio est collaborative, empathique, cr\u00e9ative, interactive et centr\u00e9e sur l\u2019usager, avec une attention particuli\u00e8re pour l\u2019usager et les probl\u00e9matiques sociales et environnementales. Ainsi, les diff\u00e9rents projets s\u2019enrichissent et contribuent aux enjeux essentiels de notre \u00e9poque.<\/p>\n\n\n\n<p style=\"padding-right:var(--wp--preset--spacing--60);padding-bottom:var(--wp--preset--spacing--70);padding-left:var(--wp--preset--spacing--60)\"><br>A travers un processus de co-design, une installation collaborative ou encore un dialogue multidisciplinaire, Ad Hoc Studio veut promouvoir la m\u00e9diation, la communication, et \u00e9galement la fonction p\u00e9dagogique du projet pour tous les acteurs impliqu\u00e9s. Le public devient ainsi un interlocuteur actif au sein du projet&nbsp;: sollicit\u00e9 pour ses comp\u00e9tences tr\u00e8s vari\u00e9es, il est invit\u00e9 \u00e0 participer tout au long d\u2019un processus.<br><br>L\u2019analyse du contexte, l\u2019\u00e9coute des enjeux, la recherche formelle via la valorisation de la mati\u00e8re \u2013 au maximum de r\u00e9emploi \u2013 et l\u2019attention au d\u00e9tail contribuent \u00e0 enrichir les projets pour trouver des solutions sobres et durables.<\/p>\n\n\n<style>.kb-row-layout-id14_dd34c7-20 > .kt-row-column-wrap{align-content:start;}:where(.kb-row-layout-id14_dd34c7-20 > .kt-row-column-wrap) > .wp-block-kadence-column{justify-content:start;}.kb-row-layout-id14_dd34c7-20 > .kt-row-column-wrap{column-gap:var(--global-kb-gap-lg, 4rem);row-gap:var(--global-kb-gap-md, 2rem);padding-right:var(--global-kb-spacing-md, 2rem);padding-bottom:var(--global-kb-spacing-5xl, 10rem);padding-left:var(--global-kb-spacing-md, 2rem);grid-template-columns:repeat(2, minmax(0, 1fr));}.kb-row-layout-id14_dd34c7-20 > .kt-row-layout-overlay{opacity:0.30;}@media all and (max-width: 1024px){.kb-row-layout-id14_dd34c7-20 > .kt-row-column-wrap{grid-template-columns:repeat(2, minmax(0, 1fr));}}@media all and (max-width: 767px){.kb-row-layout-id14_dd34c7-20 > .kt-row-column-wrap{grid-template-columns:minmax(0, 1fr);}}<\/style><div class=\"kb-row-layout-wrap kb-row-layout-id14_dd34c7-20 alignnone wp-block-kadence-rowlayout\"><div class=\"kt-row-column-wrap kt-has-2-columns kt-row-layout-equal kt-tab-layout-inherit kt-mobile-layout-row kt-row-valign-top\">\n<style>.kadence-column14_36d694-13 > .kt-inside-inner-col,.kadence-column14_36d694-13 > .kt-inside-inner-col:before{border-top-left-radius:0px;border-top-right-radius:0px;border-bottom-right-radius:0px;border-bottom-left-radius:0px;}.kadence-column14_36d694-13 > .kt-inside-inner-col{column-gap:var(--global-kb-gap-sm, 1rem);}.kadence-column14_36d694-13 > .kt-inside-inner-col{flex-direction:column;}.kadence-column14_36d694-13 > .kt-inside-inner-col > .aligncenter{width:100%;}.kadence-column14_36d694-13 > .kt-inside-inner-col:before{opacity:0.3;}.kadence-column14_36d694-13{position:relative;}@media all and (max-width: 1024px){.kadence-column14_36d694-13 > .kt-inside-inner-col{flex-direction:column;justify-content:center;}}@media all and (max-width: 767px){.kadence-column14_36d694-13 > .kt-inside-inner-col{flex-direction:column;justify-content:center;}}<\/style>\n<div class=\"wp-block-kadence-column kadence-column14_36d694-13\"><div class=\"kt-inside-inner-col\">\n<figure class=\"wp-block-image size-large is-resized\"><img loading=\"lazy\" decoding=\"async\" width=\"1024\" height=\"908\" src=\"https:\/\/adhocstudio.be\/wp-content\/uploads\/2025\/11\/Capture-decran-2025-11-20-102629-1024x908.png\" alt=\"\" class=\"wp-image-959\" style=\"width:536px;height:auto\" srcset=\"https:\/\/adhocstudio.be\/wp-content\/uploads\/2025\/11\/Capture-decran-2025-11-20-102629-1024x908.png 1024w, https:\/\/adhocstudio.be\/wp-content\/uploads\/2025\/11\/Capture-decran-2025-11-20-102629-300x266.png 300w, https:\/\/adhocstudio.be\/wp-content\/uploads\/2025\/11\/Capture-decran-2025-11-20-102629-768x681.png 768w, https:\/\/adhocstudio.be\/wp-content\/uploads\/2025\/11\/Capture-decran-2025-11-20-102629-14x12.png 14w, https:\/\/adhocstudio.be\/wp-content\/uploads\/2025\/11\/Capture-decran-2025-11-20-102629.png 1267w\" sizes=\"(max-width: 1024px) 100vw, 1024px\" \/><\/figure>\n<\/div><\/div>\n\n\n<style>.kadence-column14_39ad3b-86 > .kt-inside-inner-col,.kadence-column14_39ad3b-86 > .kt-inside-inner-col:before{border-top-left-radius:0px;border-top-right-radius:0px;border-bottom-right-radius:0px;border-bottom-left-radius:0px;}.kadence-column14_39ad3b-86 > .kt-inside-inner-col{column-gap:var(--global-kb-gap-sm, 1rem);}.kadence-column14_39ad3b-86 > .kt-inside-inner-col{flex-direction:column;}.kadence-column14_39ad3b-86 > .kt-inside-inner-col > .aligncenter{width:100%;}.kadence-column14_39ad3b-86 > .kt-inside-inner-col:before{opacity:0.3;}.kadence-column14_39ad3b-86{position:relative;}@media all and (max-width: 1024px){.kadence-column14_39ad3b-86 > .kt-inside-inner-col{flex-direction:column;justify-content:center;}}@media all and (max-width: 767px){.kadence-column14_39ad3b-86 > .kt-inside-inner-col{flex-direction:column;justify-content:center;}}<\/style>\n<div class=\"wp-block-kadence-column kadence-column14_39ad3b-86\"><div class=\"kt-inside-inner-col\">\n<h3 class=\"wp-block-heading\">J\u00e9r\u00e9my HUSQUIN<\/h3>\n\n\n\n<p>Designer industriel, architecte d\u2019int\u00e9rieur, sc\u00e9nographe d\u2019\u00e9v\u00e9nements et professeur \u00e0 Esa Saint-Luc de Bruxelles.<\/p>\n\n\n\n<h3 class=\"wp-block-heading\">Noemi GIOVANNETTI<\/h3>\n\n\n\n<p>Architecte de formation, architecte d&rsquo;int\u00e9rieur, social designer et professeure \u00e0 Esa Saint-Luc de Bruxelles<\/p>\n\n\n<style>.wp-block-kadence-advancedheading.kt-adv-heading14_f77c3d-b6, .wp-block-kadence-advancedheading.kt-adv-heading14_f77c3d-b6[data-kb-block=\"kb-adv-heading14_f77c3d-b6\"]{font-style:normal;}.wp-block-kadence-advancedheading.kt-adv-heading14_f77c3d-b6 mark.kt-highlight, .wp-block-kadence-advancedheading.kt-adv-heading14_f77c3d-b6[data-kb-block=\"kb-adv-heading14_f77c3d-b6\"] mark.kt-highlight{font-style:normal;color:#f76a0c;-webkit-box-decoration-break:clone;box-decoration-break:clone;padding-top:0px;padding-right:0px;padding-bottom:0px;padding-left:0px;}.wp-block-kadence-advancedheading.kt-adv-heading14_f77c3d-b6 img.kb-inline-image, .wp-block-kadence-advancedheading.kt-adv-heading14_f77c3d-b6[data-kb-block=\"kb-adv-heading14_f77c3d-b6\"] img.kb-inline-image{width:150px;vertical-align:baseline;}<\/style>\n<h3 class=\"kt-adv-heading14_f77c3d-b6 wp-block-kadence-advancedheading\" data-kb-block=\"kb-adv-heading14_f77c3d-b6\">Andr\u00e9s PATUELLI<\/h3>\n\n\n\n<p>Journaliste, menusier et gestionnaire de projets culturels <\/p>\n\n\n<style>.wp-block-kadence-advancedheading.kt-adv-heading14_461293-70, .wp-block-kadence-advancedheading.kt-adv-heading14_461293-70[data-kb-block=\"kb-adv-heading14_461293-70\"]{font-style:normal;}.wp-block-kadence-advancedheading.kt-adv-heading14_461293-70 mark.kt-highlight, .wp-block-kadence-advancedheading.kt-adv-heading14_461293-70[data-kb-block=\"kb-adv-heading14_461293-70\"] mark.kt-highlight{font-style:normal;color:#f76a0c;-webkit-box-decoration-break:clone;box-decoration-break:clone;padding-top:0px;padding-right:0px;padding-bottom:0px;padding-left:0px;}.wp-block-kadence-advancedheading.kt-adv-heading14_461293-70 img.kb-inline-image, .wp-block-kadence-advancedheading.kt-adv-heading14_461293-70[data-kb-block=\"kb-adv-heading14_461293-70\"] img.kb-inline-image{width:150px;vertical-align:baseline;}<\/style>\n<h3 class=\"kt-adv-heading14_461293-70 wp-block-kadence-advancedheading\" data-kb-block=\"kb-adv-heading14_461293-70\">Mathis MORIN<\/h3>\n\n\n\n<p>Designer in Sustainable Innovation<\/p>\n\n\n<style>.wp-block-kadence-advancedheading.kt-adv-heading14_a5e367-61, .wp-block-kadence-advancedheading.kt-adv-heading14_a5e367-61[data-kb-block=\"kb-adv-heading14_a5e367-61\"]{font-style:normal;}.wp-block-kadence-advancedheading.kt-adv-heading14_a5e367-61 mark.kt-highlight, .wp-block-kadence-advancedheading.kt-adv-heading14_a5e367-61[data-kb-block=\"kb-adv-heading14_a5e367-61\"] mark.kt-highlight{font-style:normal;color:#f76a0c;-webkit-box-decoration-break:clone;box-decoration-break:clone;padding-top:0px;padding-right:0px;padding-bottom:0px;padding-left:0px;}.wp-block-kadence-advancedheading.kt-adv-heading14_a5e367-61 img.kb-inline-image, .wp-block-kadence-advancedheading.kt-adv-heading14_a5e367-61[data-kb-block=\"kb-adv-heading14_a5e367-61\"] img.kb-inline-image{width:150px;vertical-align:baseline;}<\/style>\n<h3 class=\"kt-adv-heading14_a5e367-61 wp-block-kadence-advancedheading\" data-kb-block=\"kb-adv-heading14_a5e367-61\">Morgane VANDELAER<\/h3>\n\n\n\n<p>Architecte d&rsquo;int\u00e9rieur et menusi\u00e8re <\/p>\n<\/div><\/div>\n\n<\/div><\/div>\n\n\n<div class=\"wp-block-group\"><div class=\"wp-block-group__inner-container is-layout-constrained wp-block-group-is-layout-constrained\"><style>.kb-image14_930c2e-ff.kb-image-is-ratio-size, .kb-image14_930c2e-ff .kb-image-is-ratio-size{max-width:423px;width:100%;}.wp-block-kadence-column > .kt-inside-inner-col > .kb-image14_930c2e-ff.kb-image-is-ratio-size, .wp-block-kadence-column > .kt-inside-inner-col > .kb-image14_930c2e-ff .kb-image-is-ratio-size{align-self:unset;}.kb-image14_930c2e-ff figure{max-width:423px;}.kb-image14_930c2e-ff .image-is-svg, .kb-image14_930c2e-ff .image-is-svg img{width:100%;}.kb-image14_930c2e-ff .kb-image-has-overlay:after{opacity:0.3;border-top-left-radius:4px;border-top-right-radius:5px;border-bottom-right-radius:5px;border-bottom-left-radius:20px;}.kb-image14_930c2e-ff img.kb-img, .kb-image14_930c2e-ff .kb-img img{border-top-left-radius:4px;border-top-right-radius:5px;border-bottom-right-radius:5px;border-bottom-left-radius:20px;}<\/style>\n<div class=\"wp-block-kadence-image kb-image14_930c2e-ff\"><figure class=\"alignleft size-large\"><img loading=\"lazy\" decoding=\"async\" width=\"1024\" height=\"768\" src=\"https:\/\/adhocstudio.be\/wp-content\/uploads\/2023\/09\/IMG-20230926-WA0000-1024x768.jpg\" alt=\"\" class=\"kb-img wp-image-710\" title=\"Un remerciement sp\u00e9cial \u00e0 Baptiste Pillot, qui a jou\u00e9 un r\u00f4le essentiel dans la cr\u00e9ation et la croissance d\u2019Ad Hoc Studio ! \" srcset=\"https:\/\/adhocstudio.be\/wp-content\/uploads\/2023\/09\/IMG-20230926-WA0000-1024x768.jpg 1024w, https:\/\/adhocstudio.be\/wp-content\/uploads\/2023\/09\/IMG-20230926-WA0000-300x225.jpg 300w, https:\/\/adhocstudio.be\/wp-content\/uploads\/2023\/09\/IMG-20230926-WA0000-768x576.jpg 768w, https:\/\/adhocstudio.be\/wp-content\/uploads\/2023\/09\/IMG-20230926-WA0000-1536x1153.jpg 1536w, https:\/\/adhocstudio.be\/wp-content\/uploads\/2023\/09\/IMG-20230926-WA0000-16x12.jpg 16w, https:\/\/adhocstudio.be\/wp-content\/uploads\/2023\/09\/IMG-20230926-WA0000.jpg 1599w\" sizes=\"(max-width: 1024px) 100vw, 1024px\" \/><\/figure><\/div>\n<\/div><\/div>\n\n\n\n<blockquote class=\"wp-block-quote is-layout-flow wp-block-quote-is-layout-flow\">\n<p><\/p>\n<\/blockquote>\n\n\n\n<p><\/p>\n\n\n\n<p><\/p>\n\n\n\n<p><\/p>\n\n\n\n<p><\/p>\n\n\n\n<p><\/p>\n\n\n\n<p><\/p>\n\n\n\n<p>Un remerciement sp\u00e9cial \u00e0 Baptiste Pillot, qui a jou\u00e9 un r\u00f4le essentiel dans la cr\u00e9ation et la croissance d\u2019Ad Hoc Studio ! <\/p>\n\n\n\n<p><\/p>","protected":false},"excerpt":{"rendered":"<p>Ad Hoc Studio est une \u00e9quipe internationale et pluridisciplinaire, qui intervient de la conception \u00e0 la r\u00e9alisation de vos projets, depuis son bureau\/atelier au c\u0153ur de Bruxelles. De l\u2019architecture globale jusqu\u2019aux finitions, Ad Hoc Studio r\u00e9alise des projets \u00e0 la foi multiples, uniques et sur-mesure. Sa force r\u00e9side dans sa capacit\u00e9 \u00e0 ma\u00eetriser toutes les&#8230;<\/p>","protected":false},"author":1,"featured_media":0,"parent":0,"menu_order":0,"comment_status":"closed","ping_status":"closed","template":"","meta":{"_themeisle_gutenberg_block_has_review":false,"_kad_post_transparent":"","_kad_post_title":"hide","_kad_post_layout":"fullwidth","_kad_post_sidebar_id":"","_kad_post_content_style":"unboxed","_kad_post_vertical_padding":"","_kad_post_feature":"","_kad_post_feature_position":"","_kad_post_header":false,"_kad_post_footer":true,"_kad_post_classname":"","footnotes":""},"class_list":["post-14","page","type-page","status-publish","hentry"],"_links":{"self":[{"href":"https:\/\/adhocstudio.be\/en\/wp-json\/wp\/v2\/pages\/14"}],"collection":[{"href":"https:\/\/adhocstudio.be\/en\/wp-json\/wp\/v2\/pages"}],"about":[{"href":"https:\/\/adhocstudio.be\/en\/wp-json\/wp\/v2\/types\/page"}],"author":[{"embeddable":true,"href":"https:\/\/adhocstudio.be\/en\/wp-json\/wp\/v2\/users\/1"}],"replies":[{"embeddable":true,"href":"https:\/\/adhocstudio.be\/en\/wp-json\/wp\/v2\/comments?post=14"}],"version-history":[{"count":53,"href":"https:\/\/adhocstudio.be\/en\/wp-json\/wp\/v2\/pages\/14\/revisions"}],"predecessor-version":[{"id":961,"href":"https:\/\/adhocstudio.be\/en\/wp-json\/wp\/v2\/pages\/14\/revisions\/961"}],"wp:attachment":[{"href":"https:\/\/adhocstudio.be\/en\/wp-json\/wp\/v2\/media?parent=14"}],"curies":[{"name":"wp","href":"https:\/\/api.w.org\/{rel}","templated":true}]}}